{"id":1959,"date":"2023-07-19T14:08:57","date_gmt":"2023-07-19T12:08:57","guid":{"rendered":"https:\/\/www.galeriefriese.de\/galerie-copy\/"},"modified":"2023-07-19T14:10:17","modified_gmt":"2023-07-19T12:10:17","slug":"gallery","status":"publish","type":"page","link":"https:\/\/www.galeriefriese.de\/en\/gallery\/","title":{"rendered":"Gallery"},"content":{"rendered":"","protected":false},"excerpt":{"rendered":"","protected":false},"author":1,"featured_media":0,"parent":0,"menu_order":10,"comment_status":"closed","ping_status":"closed","template":"","meta":[],"class_list":["post-1959","page","type-page","status-publish","hentry"],"grid":"{\r\n  \"colCount\": 12,\r\n  \"colGutter\": 1,\r\n  \"rowGutters\": [\r\n    3,\r\n    3,\r\n    5\r\n  ],\r\n  \"frameMargin\": 5,\r\n  \"topFrameMargin\": 200,\r\n  \"bottomFrameMargin\": 5,\r\n  \"rowAttrs\": [\r\n    {\r\n      \"relid\": 11\r\n    },\r\n    {\r\n      \"relid\": 14\r\n    },\r\n    {\r\n      \"relid\": 15\r\n    },\r\n    {\r\n      \"relid\": 16\r\n    }\r\n  ],\r\n  \"bgColor\": null,\r\n  \"cont\": [\r\n    {\r\n      \"type\": \"img\",\r\n      \"cont\": \"\/wp-content\/uploads\/2022\/04\/G_F-23875.jpg\",\r\n      \"align\": \"top\",\r\n      \"row\": 0,\r\n      \"col\": 0,\r\n      \"colspan\": 8,\r\n      \"offsetx\": 0,\r\n      \"offsety\": 0,\r\n      \"spaceabove\": 0,\r\n      \"spacebelow\": 0,\r\n      \"yvel\": 1,\r\n      \"push\": 0,\r\n      \"relid\": 309,\r\n      \"attid\": 1149,\r\n      \"sizes\": {\r\n        \"full\": \"\/wp-content\/uploads\/2022\/04\/G_F-23875.jpg\",\r\n        \"_2560\": \"\/wp-content\/uploads\/2022\/04\/G_F-23875-2560x1920.jpg\",\r\n        \"_1920\": \"\/wp-content\/uploads\/2022\/04\/G_F-23875-1920x1440.jpg\",\r\n        \"_1280\": \"\/wp-content\/uploads\/2022\/04\/G_F-23875-1280x960.jpg\",\r\n        \"_1024\": \"\/wp-content\/uploads\/2022\/04\/G_F-23875-1024x768.jpg\",\r\n        \"_768\": \"\/wp-content\/uploads\/2022\/04\/G_F-23875-768x576.jpg\",\r\n        \"_512\": \"\/wp-content\/uploads\/2022\/04\/G_F-23875-512x384.jpg\",\r\n        \"_265\": \"\/wp-content\/uploads\/2022\/04\/G_F-23875-265x199.jpg\"\r\n      },\r\n      \"w\": 3000,\r\n      \"h\": 2250,\r\n      \"ar\": 0.75,\r\n      \"alt\": \"\",\r\n      \"absolute_position\": false\r\n    },\r\n    {\r\n      \"type\": \"text\",\r\n      \"cont\": \"<p>Die Galerie Friese wurde 2008 in Stuttgart gegr\u00fcndet, in direkter Nachfolge der seit 1961 bestehenden Galerie manus presse. Im Fr\u00fchjahr 2015 zog die Galerie nach Berlin in einen historischen Gr\u00fcnderzeitbau am Fasanenplatz, gelegen im\u00a0alten Westberliner Galerienviertel.<\/p><p>Das Galerieprogramm spannt einen ungew\u00f6hnlich weiten Bogen von der Klassischen Moderne bis zur zeitgen\u00f6ssischen Kunst. Zu den von uns repr\u00e4sentierten K\u00fcnstlern z\u00e4hlen kunsthistorisch bedeutende Positionen wie Willi Baumeister, William N. Copley, Georg Karl Pfahler, Saul Steinberg, Karin Kneffel und Dieter Krieg. Unsere Kernkompetenz im Bereich der Malerei der Nachkriegszeit spiegelt sich auch in Klaus Gerrit Frieses ehrenamtlichen Funktionen als Vorsitzender der Stiftung Dieter Krieg, Mitglied im Kuratorium der Stiftung Willi Baumeister und Vorsitzender des Beirates der Walter St\u00f6hrer Stiftung. Zugleich bieten wir einer jungen Generation von K\u00fcnstlern wie Franziska Holstein, Michael Wutz und Claire de Santa Coloma eine Plattform.<\/p><p>Dar\u00fcber hinaus setzen wir sehr stark auf ein eigens entwickeltes, prononciertes Vermittlungsprogramm, das die Galerie als wahrhaftig lebendigen Ort des kulturellen Austauschs festigt. Unsere epochen\u00fcbergreifende und zugleich auf die Malerei und Zeichnung fokussierte Ausrichtung bietet vielf\u00e4ltige Ankn\u00fcpfungspunkte, die diesen Medien spezifischen historischen Entwicklungen, Themen und Techniken aufzuzeigen und zu vermitteln. Im Rahmen unserer umfassenden Publikationst\u00e4tigkeit, \u00f6ffentlichen Veranstaltungen und Ausstellungen werden h\u00e4ufig verschiedene Generationen und individuelle k\u00fcnstlerische Handschriften in einen Dialog gebracht (beispielsweise in den Ausstellungen \u201eVon Max bis Wutz. Gabriel von Max und Michael Wutz\u201c oder \u201eAuf dem Weg zum Motiv. Zeitgen\u00f6ssische K\u00fcnstler treffen auf Willi Baumeister\u201c).<\/p><p>In Erweiterung dieser Fragestellungen auf interdisziplin\u00e4re Bereiche haben wir in j\u00fcngster Vergangenheit eine nichtkommerzielle Ausstellungsreihe entwickelt. Zwei herausragende Beispiele daf\u00fcr sind die Ausstellungen der Zeichnungen des Religionsphilosophen Klaus Heinrich und des Literaturnobelpreistr\u00e4gers Peter Handke, deren zeichnerisches Werk bei uns jeweils zum ersten Mal der \u00d6ffentlichkeit zug\u00e4nglich gemacht wurde. Beide Ausstellungen wurden von enormem Besucherandrang begleitet, fanden internationale Beachtung in der Presse und wurden durch von uns initiierte Publikationen nachhaltig dokumentiert.<\/p>\",\r\n      \"align\": \"top\",\r\n      \"row\": 0,\r\n      \"col\": 9,\r\n      \"colspan\": 3,\r\n      \"offsetx\": 0,\r\n      \"offsety\": 0,\r\n      \"spaceabove\": 0,\r\n      \"spacebelow\": 0,\r\n      \"yvel\": 1,\r\n      \"push\": 1,\r\n      \"relid\": 4,\r\n      \"absolute_position\": false\r\n    },\r\n    {\r\n      \"type\": \"text\",\r\n      \"cont\": \"<p><span style=\\\"letter-spacing: 0.02em;\\\"><span style=\\\"font-size: 18px;\\\">CONTACT<\/span><\/span><\/p>\",\r\n      \"align\": \"middle\",\r\n      \"row\": 1,\r\n      \"col\": 1,\r\n      \"colspan\": 3,\r\n      \"offsetx\": 0,\r\n      \"offsety\": 0,\r\n      \"spaceabove\": 0,\r\n      \"spacebelow\": 0,\r\n      \"yvel\": 1,\r\n      \"push\": 1,\r\n      \"relid\": 5,\r\n      \"frameOverflow\": \"\",\r\n      \"absolute_position\": false\r\n    },\r\n    {\r\n      \"type\": \"text\",\r\n      \"cont\": \"<p><span style=\\\"letter-spacing: 0.02em;\\\"><span style=\\\"font-size: 18px;\\\">TEAM<\/span><\/span><\/p>\",\r\n      \"align\": \"middle\",\r\n      \"row\": 1,\r\n      \"col\": 5,\r\n      \"colspan\": 3,\r\n      \"offsetx\": 0,\r\n      \"offsety\": 0,\r\n      \"spaceabove\": 0,\r\n      \"spacebelow\": 0,\r\n      \"yvel\": 1,\r\n      \"push\": 1,\r\n      \"relid\": 12,\r\n      \"absolute_position\": false\r\n    },\r\n    {\r\n      \"type\": \"text\",\r\n      \"cont\": \"<p>Open<br \/>Mo\u2013Sa, 11\u201318 Uhr<\/p><p><a rel=\\\"noopener\\\" href=\\\"https:\/\/goo.gl\/maps\/Vk3hGeuW5rAT4p8T9\\\" target=\\\"_blank\\\">Meierottostra\u00dfe 1\u00a0\u00a0<\/a><br \/>10719 Berlin\u00a0<br \/>T +49 30 88 71 13 71<br \/><a href=\\\"mailto:mail@galeriefriese.de\\\">mail@galeriefriese.de<\/a><\/p><p><a href=\\\"https:\/\/www.facebook.com\/galeriefriese\\\">Facebook<\/a><br \/><a href=\\\"https:\/\/www.instagram.com\/galeriefriese\\\">Instagram<\/a><\/p><h1 class=\\\"_Headline\\\"><a rel=\\\"noopener\\\" href=\\\"https:\/\/goo.gl\/maps\/Vk3hGeuW5rAT4p8T9\\\" target=\\\"_blank\\\"><span style=\\\"font-size: 18px;\\\">MAP<\/span><\/a><\/h1>\",\r\n      \"align\": \"top\",\r\n      \"row\": 2,\r\n      \"col\": 1,\r\n      \"colspan\": 3,\r\n      \"offsetx\": 0,\r\n      \"offsety\": 0,\r\n      \"spaceabove\": 0,\r\n      \"spacebelow\": 0,\r\n      \"yvel\": 1,\r\n      \"push\": 1,\r\n      \"relid\": 8,\r\n      \"absolute_position\": false\r\n    },\r\n    {\r\n      \"type\": \"text\",\r\n      \"cont\": \"<p class=\\\"p1\\\">KLAUS GERRIT FRIESE<br \/><a href=\\\"mailto:kgf@galeriefriese.de\\\">kgf@galeriefriese.de<\/a><\/p><p class=\\\"p1\\\">ANN-KATHRIN WEGENER<br \/><a href=\\\"mailto:akw@galeriefriese.de\\\">akw@galeriefriese.de<\/a><\/p><p class=\\\"p1\\\">TERESA KARST<br \/><a href=\\\"mailto:tk@galeriefriese.de\\\">tk@galeriefriese.de<\/a><a href=\\\"mailto:js@galeriefriese.de\\\"><\/a><\/p><p>MIRIAM EWERING<br \/><a title=\\\"mailto:assistant@galeriefriese.de\\\" href=\\\"mailto:me@galeriefriese.de\\\">me@galeriefriese.de<\/a><\/p><p>PHILIPP PINK<br \/><a href=\\\"mailto:pp@galeriefriese.de\\\">pp@galeriefriese.de<\/a><\/p><p class=\\\"p1\\\">ANNE-B\u00c4RBEL SCHWARZ<br \/><a class=\\\"\\\" href=\\\"mailto:Buchhaltung@galeriefriese.de\\\">buchhaltung@galeriefriese.de<\/a>\u00a0<\/p><p class=\\\"p1\\\">\u00a0<\/p>\",\r\n      \"align\": \"top\",\r\n      \"row\": 2,\r\n      \"col\": 5,\r\n      \"colspan\": 3,\r\n      \"offsetx\": 0,\r\n      \"offsety\": 0,\r\n      \"spaceabove\": 0,\r\n      \"spacebelow\": 0,\r\n      \"yvel\": 1,\r\n      \"push\": 1,\r\n      \"relid\": 13,\r\n      \"absolute_position\": false\r\n    },\r\n    {\r\n      \"type\": \"text\",\r\n      \"cont\": \"<h1 class=\\\"_Headline\\\"><span style=\\\"font-size: 18px;\\\">NEWSLETTER SIGNUP<br \/><\/span><\/h1>\",\r\n      \"align\": \"top\",\r\n      \"row\": 3,\r\n      \"col\": 1,\r\n      \"colspan\": 7,\r\n      \"offsetx\": 0,\r\n      \"offsety\": 0,\r\n      \"spaceabove\": 0,\r\n      \"spacebelow\": 0,\r\n      \"yvel\": 1,\r\n      \"push\": 1,\r\n      \"relid\": 6,\r\n      \"frameOverflow\": \"\",\r\n      \"absolute_position\": false\r\n    },\r\n    {\r\n      \"type\": \"shortcode\",\r\n      \"cont\": \"[contact-form-7 id=\\\"1203\\\" title=\\\"Newsletter Anmeldung\\\"]\",\r\n      \"align\": \"top\",\r\n      \"row\": 3,\r\n      \"col\": 8,\r\n      \"colspan\": 4,\r\n      \"offsetx\": 0,\r\n      \"offsety\": 0,\r\n      \"spaceabove\": 0,\r\n      \"spacebelow\": 0,\r\n      \"yvel\": 1,\r\n      \"push\": 0,\r\n      \"relid\": 7,\r\n      \"shortcodeid\": 1655282406042,\r\n      \"frameOverflow\": \"\",\r\n      \"absolute_position\": false\r\n    }\r\n  ]\r\n}","phonegrid":"{\r\n  \"colCount\": 12,\r\n  \"colGutter\": 1,\r\n  \"rowGutters\": [\r\n    10,\r\n    10,\r\n    5,\r\n    5,\r\n    5,\r\n    5,\r\n    5\r\n  ],\r\n  \"frameMargin\": 5,\r\n  \"topFrameMargin\": 20,\r\n  \"bottomFrameMargin\": 5,\r\n  \"rowAttrs\": [\r\n    [],\r\n    [],\r\n    [],\r\n    [],\r\n    [],\r\n    [],\r\n    {\r\n      \"relid\": 23\r\n    },\r\n    {\r\n      \"relid\": 24\r\n    }\r\n  ],\r\n  \"bgColor\": null,\r\n  \"cont\": [\r\n    {\r\n      \"type\": \"img\",\r\n      \"cont\": \"\/wp-content\/uploads\/2022\/04\/G_F-23875.jpg\",\r\n      \"align\": \"top\",\r\n      \"row\": 0,\r\n      \"col\": 0,\r\n      \"colspan\": 12,\r\n      \"offsetx\": 0,\r\n      \"offsety\": 0,\r\n      \"spaceabove\": 0,\r\n      \"spacebelow\": 0,\r\n      \"yvel\": 1,\r\n      \"push\": 0,\r\n      \"relid\": 310,\r\n      \"attid\": 1149,\r\n      \"sizes\": {\r\n        \"full\": \"\/wp-content\/uploads\/2022\/04\/G_F-23875.jpg\",\r\n        \"_2560\": \"\/wp-content\/uploads\/2022\/04\/G_F-23875-2560x1920.jpg\",\r\n        \"_1920\": \"\/wp-content\/uploads\/2022\/04\/G_F-23875-1920x1440.jpg\",\r\n        \"_1280\": \"\/wp-content\/uploads\/2022\/04\/G_F-23875-1280x960.jpg\",\r\n        \"_1024\": \"\/wp-content\/uploads\/2022\/04\/G_F-23875-1024x768.jpg\",\r\n        \"_768\": \"\/wp-content\/uploads\/2022\/04\/G_F-23875-768x576.jpg\",\r\n        \"_512\": \"\/wp-content\/uploads\/2022\/04\/G_F-23875-512x384.jpg\",\r\n        \"_265\": \"\/wp-content\/uploads\/2022\/04\/G_F-23875-265x199.jpg\"\r\n      },\r\n      \"w\": 3000,\r\n      \"h\": 2250,\r\n      \"ar\": 0.75,\r\n      \"alt\": \"\"\r\n    },\r\n    {\r\n      \"type\": \"text\",\r\n      \"cont\": \"<p>Die Galerie Friese wurde 2008 in Stuttgart gegr\u00fcndet, in direkter Nachfolge der seit 1961 bestehenden Galerie manus presse. Im Fr\u00fchjahr 2015 zog die Galerie nach Berlin in einen historischen Gr\u00fcnderzeitbau am Fasanenplatz, gelegen im\u00a0alten Westberliner Galerienviertel.<\/p><p>Das Galerieprogramm spannt einen ungew\u00f6hnlich weiten Bogen von der Klassischen Moderne bis zur zeitgen\u00f6ssischen Kunst. Zu den von uns repr\u00e4sentierten K\u00fcnstlern z\u00e4hlen kunsthistorisch bedeutende Positionen wie Willi Baumeister, William N. Copley, Georg Karl Pfahler, Saul Steinberg, Karin Kneffel und Dieter Krieg. Unsere Kernkompetenz im Bereich der Malerei der Nachkriegszeit spiegelt sich auch in Klaus Gerrit Frieses ehrenamtlichen Funktionen als Vorsitzender der Stiftung Dieter Krieg, Mitglied im Kuratorium der Stiftung Willi Baumeister und Vorsitzender des Beirates der Walter St\u00f6hrer Stiftung. Zugleich bieten wir einer jungen Generation von K\u00fcnstlern wie Franziska Holstein, Michael Wutz und Claire de Santa Coloma eine Plattform.<\/p><p>Dar\u00fcber hinaus setzen wir sehr stark auf ein eigens entwickeltes, prononciertes Vermittlungsprogramm, das die Galerie als wahrhaftig lebendigen Ort des kulturellen Austauschs festigt. Unsere epochen\u00fcbergreifende und zugleich auf die Malerei und Zeichnung fokussierte Ausrichtung bietet vielf\u00e4ltige Ankn\u00fcpfungspunkte, die diesen Medien spezifischen historischen Entwicklungen, Themen und Techniken aufzuzeigen und zu vermitteln. Im Rahmen unserer umfassenden Publikationst\u00e4tigkeit, \u00f6ffentlichen Veranstaltungen und Ausstellungen werden h\u00e4ufig verschiedene Generationen und individuelle k\u00fcnstlerische Handschriften in einen Dialog gebracht (beispielsweise in den Ausstellungen \u201eVon Max bis Wutz. Gabriel von Max und Michael Wutz\u201c oder \u201eAuf dem Weg zum Motiv. Zeitgen\u00f6ssische K\u00fcnstler treffen auf Willi Baumeister\u201c).<\/p><p>In Erweiterung dieser Fragestellungen auf interdisziplin\u00e4re Bereiche haben wir in j\u00fcngster Vergangenheit eine nichtkommerzielle Ausstellungsreihe entwickelt. Zwei herausragende Beispiele daf\u00fcr sind die Ausstellungen der Zeichnungen des Religionsphilosophen Klaus Heinrich und des Literaturnobelpreistr\u00e4gers Peter Handke, deren zeichnerisches Werk bei uns jeweils zum ersten Mal der \u00d6ffentlichkeit zug\u00e4nglich gemacht wurde. Beide Ausstellungen wurden von enormem Besucherandrang begleitet, fanden internationale Beachtung in der Presse und wurden durch von uns initiierte Publikationen nachhaltig dokumentiert.<\/p>\",\r\n      \"align\": \"bottom\",\r\n      \"row\": 1,\r\n      \"col\": 0,\r\n      \"colspan\": 12,\r\n      \"offsetx\": 0,\r\n      \"offsety\": 0,\r\n      \"spaceabove\": 0,\r\n      \"spacebelow\": 0,\r\n      \"yvel\": 1,\r\n      \"push\": 0,\r\n      \"relid\": 4\r\n    },\r\n    {\r\n      \"type\": \"text\",\r\n      \"cont\": \"<p><span style=\\\"letter-spacing: 0.02em;\\\"><span style=\\\"font-size: 18px;\\\">CONTACT<\/span><\/span><\/p>\",\r\n      \"align\": \"bottom\",\r\n      \"row\": 2,\r\n      \"col\": 0,\r\n      \"colspan\": 12,\r\n      \"offsetx\": 0,\r\n      \"offsety\": 0,\r\n      \"spaceabove\": 0,\r\n      \"spacebelow\": 0,\r\n      \"yvel\": 1,\r\n      \"push\": 0,\r\n      \"relid\": 5,\r\n      \"frameOverflow\": \"\",\r\n      \"absolute_position\": false\r\n    },\r\n    {\r\n      \"type\": \"text\",\r\n      \"cont\": \"<p>Open<br \/>Mo\u2013Sa, 11\u201318 Uhr<\/p><p><a rel=\\\"noopener\\\" href=\\\"https:\/\/goo.gl\/maps\/Vk3hGeuW5rAT4p8T9\\\" target=\\\"_blank\\\">Meierottostra\u00dfe 1\u00a0\u00a0<\/a><br \/>10719 Berlin\u00a0<br \/>T +49 30 88 71 13 71<br \/><a href=\\\"mailto:mail@galeriefriese.de\\\">mail@galeriefriese.de<\/a><\/p><p><a href=\\\"https:\/\/www.facebook.com\/galeriefriese\\\">Facebook<\/a><br \/><a href=\\\"https:\/\/www.instagram.com\/galeriefriese\\\">Instagram<\/a><\/p><h1 class=\\\"_Headline\\\"><a rel=\\\"noopener\\\" href=\\\"https:\/\/goo.gl\/maps\/Vk3hGeuW5rAT4p8T9\\\" target=\\\"_blank\\\"><span style=\\\"font-size: 18px;\\\">MAP<\/span><\/a><\/h1>\",\r\n      \"align\": \"bottom\",\r\n      \"row\": 3,\r\n      \"col\": 0,\r\n      \"colspan\": 12,\r\n      \"offsetx\": 0,\r\n      \"offsety\": 0,\r\n      \"spaceabove\": 0,\r\n      \"spacebelow\": 0,\r\n      \"yvel\": 1,\r\n      \"push\": 0,\r\n      \"relid\": 8,\r\n      \"absolute_position\": false\r\n    },\r\n    {\r\n      \"type\": \"text\",\r\n      \"cont\": \"<p><span style=\\\"letter-spacing: 0.02em;\\\"><span style=\\\"font-size: 18px;\\\">TEAM<\/span><\/span><\/p>\",\r\n      \"align\": \"middle\",\r\n      \"row\": 4,\r\n      \"col\": 0,\r\n      \"colspan\": 12,\r\n      \"offsetx\": 0,\r\n      \"offsety\": 0,\r\n      \"spaceabove\": 0,\r\n      \"spacebelow\": 0,\r\n      \"yvel\": 1,\r\n      \"push\": 0,\r\n      \"relid\": 12\r\n    },\r\n    {\r\n      \"type\": \"text\",\r\n      \"cont\": \"<p class=\\\"p1\\\">KLAUS GERRIT FRIESE<br \/><a href=\\\"mailto:kgf@galeriefriese.de\\\">kgf@galeriefriese.de<\/a><\/p><p class=\\\"p1\\\">ANN-KATHRIN WEGENER<br \/><a href=\\\"mailto:akw@galeriefriese.de\\\">akw@galeriefriese.de<\/a><\/p><p class=\\\"p1\\\">TERESA KARST<br \/><a href=\\\"mailto:tk@galeriefriese.de\\\">tk@galeriefriese.de<\/a><a href=\\\"mailto:js@galeriefriese.de\\\"><\/a><\/p><p>MIRIAM EWERING<br \/><a title=\\\"mailto:assistant@galeriefriese.de\\\" href=\\\"mailto:me@galeriefriese.de\\\">me@galeriefriese.de<\/a><\/p><p>PHILIPP PINK<br \/><a href=\\\"mailto:pp@galeriefriese.de\\\">pp@galeriefriese.de<\/a><\/p><p class=\\\"p1\\\">ANNE-B\u00c4RBEL SCHWARZ<br \/><a class=\\\"\\\" href=\\\"mailto:Buchhaltung@galeriefriese.de\\\">buchhaltung@galeriefriese.de<\/a>\u00a0<\/p><p class=\\\"p1\\\">\u00a0<\/p>\",\r\n      \"align\": \"bottom\",\r\n      \"row\": 5,\r\n      \"col\": 0,\r\n      \"colspan\": 12,\r\n      \"offsetx\": 0,\r\n      \"offsety\": 0,\r\n      \"spaceabove\": 0,\r\n      \"spacebelow\": 0,\r\n      \"yvel\": 1,\r\n      \"push\": 0,\r\n      \"relid\": 13,\r\n      \"absolute_position\": false\r\n    },\r\n    {\r\n      \"type\": \"text\",\r\n      \"cont\": \"<p class=\\\"_Ausstellungstitel\\\">NEWSLETTER<\/p>\",\r\n      \"align\": \"top\",\r\n      \"row\": 6,\r\n      \"col\": 0,\r\n      \"colspan\": 12,\r\n      \"offsetx\": 0,\r\n      \"offsety\": 0,\r\n      \"spaceabove\": 0,\r\n      \"spacebelow\": 0,\r\n      \"yvel\": 1,\r\n      \"push\": 0,\r\n      \"relid\": 9\r\n    },\r\n    {\r\n      \"type\": \"shortcode\",\r\n      \"cont\": \"[contact-form-7 id=\\\"1203\\\" title=\\\"Newsletter Anmeldung\\\"]\",\r\n      \"align\": \"middle\",\r\n      \"row\": 7,\r\n      \"col\": 0,\r\n      \"colspan\": 12,\r\n      \"offsetx\": 0,\r\n      \"offsety\": 0,\r\n      \"spaceabove\": 0,\r\n      \"spacebelow\": 0,\r\n      \"yvel\": 1,\r\n      \"push\": 0,\r\n      \"relid\": 10,\r\n      \"shortcodeid\": 1655282469389\r\n    }\r\n  ]\r\n}","_links":{"self":[{"href":"https:\/\/www.galeriefriese.de\/en\/wp-json\/wp\/v2\/pages\/1959","targetHints":{"allow":["GET"]}}],"collection":[{"href":"https:\/\/www.galeriefriese.de\/en\/wp-json\/wp\/v2\/pages"}],"about":[{"href":"https:\/\/www.galeriefriese.de\/en\/wp-json\/wp\/v2\/types\/page"}],"author":[{"embeddable":true,"href":"https:\/\/www.galeriefriese.de\/en\/wp-json\/wp\/v2\/users\/1"}],"replies":[{"embeddable":true,"href":"https:\/\/www.galeriefriese.de\/en\/wp-json\/wp\/v2\/comments?post=1959"}],"version-history":[{"count":0,"href":"https:\/\/www.galeriefriese.de\/en\/wp-json\/wp\/v2\/pages\/1959\/revisions"}],"wp:attachment":[{"href":"https:\/\/www.galeriefriese.de\/en\/wp-json\/wp\/v2\/media?parent=1959"}],"curies":[{"name":"wp","href":"https:\/\/api.w.org\/{rel}","templated":true}]}}